{"id":8,"date":"2026-08-17T09:12:14","date_gmt":"2026-08-17T07:12:14","guid":{"rendered":"https:\/\/zawodyzaufania.usz.edu.pl\/?page_id=8"},"modified":"2026-09-02T10:19:02","modified_gmt":"2026-09-02T08:19:02","slug":"strona-glowna","status":"publish","type":"page","link":"https:\/\/zawodyzaufania.usz.edu.pl\/","title":{"rendered":"Strona g\u0142\u00f3wna"},"content":{"rendered":"<!--themify_builder_content-->\n<div id=\"themify_builder_content-8\" data-postid=\"8\" class=\"themify_builder_content themify_builder_content-8 themify_builder tf_clear\">\n                    <div  data-css_id=\"6qii115\" data-lazy=\"1\" class=\"module_row themify_builder_row fullwidth_row_container tb_6qii115 tb_first tf_w\">\n            <span  class=\"builder_row_cover tf_abs\" data-lazy=\"1\"><\/span>            <div class=\"row_inner col_align_top tb_col_count_1 tf_box tf_rel\">\n                        <div  data-lazy=\"1\" class=\"module_column tb-column col-full tb_ylyq948 first\">\n                    <!-- module image -->\n<div  class=\"module module-image tb_nq1z948 image-top   tf_mw\" data-lazy=\"1\">\n        <div class=\"image-wrap tf_rel tf_mw\">\n            <img decoding=\"async\" src=\"https:\/\/konferencjakkpr.usz.edu.pl\/wp-content\/uploads\/2026\/02\/logo_US_poziome_biel.svg\" width=\"240\" alt=\"\">    \n        <\/div>\n    <!-- \/image-wrap -->\n    \n        <\/div>\n<!-- \/module image --><!-- module text -->\n<div  class=\"module module-text tb_6syu948   \" data-lazy=\"1\">\n        <div  class=\"tb_text_wrap\">\n        <h1><span data-olk-copy-source=\"MessageBody\">Mi\u0119dzy profesjonalizacj\u0105 a przeregulowaniem &#8211; wsp\u00f3\u0142czesne modele zawod\u00f3w zaufania publicznego<\/span><\/h1>    <\/div>\n<\/div>\n<!-- \/module text --><!-- module text -->\n<div  class=\"module module-text tb_apu9948   \" data-lazy=\"1\">\n        <div  class=\"tb_text_wrap\">\n        <h2>Og\u00f3lnopolska Konferencja Naukowa<\/h2>    <\/div>\n<\/div>\n<!-- \/module text -->        <div  data-lazy=\"1\" class=\"module_subrow themify_builder_sub_row tf_w col_align_top tb_col_count_1 tb_dduq948\">\n                <div  data-lazy=\"1\" class=\"module_column sub_column col-full tb_v304948 first\">\n                    <!-- module buttons -->\n<div  class=\"module module-buttons tb_dyl3948 buttons-horizontal solid  \" data-lazy=\"1\">\n        <div class=\"module-buttons-item tf_in_flx\">\n                        <a href=\"#program\" class=\"ui builder_button tf_in_flx transparent\" >\n                                                Program konferencji                                        <\/a>\n                <\/div>\n            <\/div>\n<!-- \/module buttons -->\n<!-- module buttons -->\n<div  class=\"module module-buttons tb_vv7j948 buttons-horizontal solid  \" data-lazy=\"1\">\n        <div class=\"module-buttons-item tf_in_flx\">\n                        <a href=\"#rejestracja\" class=\"ui builder_button tf_in_flx transparent\" >\n                                                Rejestracja                                        <\/a>\n                <\/div>\n            <\/div>\n<!-- \/module buttons -->\n        <\/div>\n                    <\/div>\n                <\/div>\n                        <\/div>\n        <\/div>\n                        <div  data-css_id=\"2pvd236\" data-lazy=\"1\" class=\"module_row themify_builder_row fullwidth_row_container tb_2pvd236 tf_w\">\n                        <div class=\"row_inner col_align_top tb_col_count_1 tf_box tf_rel\">\n                        <div  data-lazy=\"1\" class=\"module_column tb-column col-full tb_t19v237 first\">\n                    <!-- module image -->\n<div  class=\"module module-image tb_xfid461 image-top   tf_mw\" data-lazy=\"1\">\n        <div class=\"image-wrap tf_rel tf_mw\">\n            <img loading=\"lazy\" decoding=\"async\" width=\"2088\" height=\"110\" src=\"https:\/\/zawodyzaufania.usz.edu.pl\/wp-content\/uploads\/2026\/08\/logo-1.png\" class=\"wp-post-image wp-image-85\" title=\"logo\" alt=\"\" srcset=\"https:\/\/zawodyzaufania.usz.edu.pl\/wp-content\/uploads\/2026\/08\/logo-1.png 2088w, https:\/\/zawodyzaufania.usz.edu.pl\/wp-content\/uploads\/2026\/08\/logo-1-300x16.png 300w, https:\/\/zawodyzaufania.usz.edu.pl\/wp-content\/uploads\/2026\/08\/logo-1-1024x54.png 1024w, https:\/\/zawodyzaufania.usz.edu.pl\/wp-content\/uploads\/2026\/08\/logo-1-768x40.png 768w, https:\/\/zawodyzaufania.usz.edu.pl\/wp-content\/uploads\/2026\/08\/logo-1-1536x81.png 1536w, https:\/\/zawodyzaufania.usz.edu.pl\/wp-content\/uploads\/2026\/08\/logo-1-2048x108.png 2048w\" sizes=\"auto, (max-width: 2088px) 100vw, 2088px\" \/>    \n        <\/div>\n    <!-- \/image-wrap -->\n    \n        <\/div>\n<!-- \/module image -->        <\/div>\n                        <\/div>\n        <\/div>\n                        <div  data-anchor=\"o-konferencji\" data-css_id=\"hjdp995\" data-lazy=\"1\" class=\"module_row themify_builder_row fullwidth_row_container tb_has_section tb_section-o-konferencji tb_hjdp995 tf_w\">\n                        <div class=\"row_inner col_align_top tb_col_count_1 tf_box tf_rel\">\n                        <div  data-lazy=\"1\" class=\"module_column tb-column col-full tb_jkt8995 first\">\n                    <!-- module text -->\n<div  class=\"module module-text tb_itiz995   \" data-lazy=\"1\">\n        <div  class=\"tb_text_wrap\">\n        <h2><strong>O konferencji<\/strong><\/h2>\n<p><span data-olk-copy-source=\"MessageBody\">Celem Konferencji jest podj\u0119cie debaty oraz wymiana do\u015bwiadcze\u0144 w zakresie\u00a0problematyki dotycz\u0105cej istniej\u0105cych modeli nadzoru nad wykonywaniem zawod\u00f3w zaufania publicznego oraz odpowiedzialno\u015bci zawodowej, z uwzgl\u0119dnieniem ich charakteru oraz specyfiki funkcjonowania. Stworzenie szerokiej przestrzeni do transferu wiedzy, prezentacji najnowszych spostrze\u017ce\u0144 oraz om\u00f3wienia aktualnych wyzwa\u0144 w tych dziedzinach gwarantuje aktywny udzia\u0142 w Konferencji przedstawicieli samorz\u0105d\u00f3w niemal\u017ce wszystkich zawod\u00f3w zaufania publicznego dzia\u0142aj\u0105cych w oparciu o obowi\u0105zuj\u0105ce regulacje konstytucyjnie i ustawowe.\u00a0\u00a0<\/span><\/p>\n<p>Szczeci\u0144skie Porozumienie Zawod\u00f3w Zaufania Publicznego zosta\u0142o powo\u0142ane 18 kwietnia 2023 roku przez 12 samorz\u0105d\u00f3w zawodowych zawod\u00f3w zaufania publicznego dzia\u0142aj\u0105cych na terenie wojew\u00f3dztwa Zachodniopomorskiego. Deklaracj\u0119 za\u0142o\u017cycielsk\u0105 podpisali przedstawiciele Szczeci\u0144skiej Izby Adwokackiej, Zachodniopomorskiej\u00a0 Okr\u0119gowej Izby Aptekarskiej w Szczecinie, Zachodniopomorskiej Okr\u0119gowej Izby Architekt\u00f3w, <span data-olk-copy-source=\"MessageBody\">Regionalnego Oddzia\u0142u Polskiej Izby Bieg\u0142ych Rewident\u00f3w w Szczecinie<\/span>, Zachodniopomorskiego Oddzia\u0142u Krajowego Izby Doradc\u00f3w Podatkowych, Izby Komorniczej w Szczecinie, Okr\u0119gowej Izby Lekarskiej, Zachodniopomorskiej Izby Lekarsko-Weterynaryjnej, Izby Notarialnej w Szczecinie, Szczeci\u0144skiej Izby Piel\u0119gniarek i Po\u0142o\u017cnych, Okr\u0119gowej Izby Radc\u00f3w Prawnych w Szczecinie, Okr\u0119gu Zachodniopomorskiego Polskiej Izby Rzecznik\u00f3w Patentowych.\u00a0<\/p>\n<p>Nadrz\u0119dnym celem Porozumienia jest wzajemne wsparcie jego cz\u0142onk\u00f3w w realizacji zada\u0144 samorz\u0105dno\u015bci zawodowej, w tym w szczeg\u00f3lno\u015bci zajmowanie wsp\u00f3lnego stanowiska w sprawach istotnych z punktu widzenia ochrony i\u00a0wzmacniania samorz\u0105dno\u015bci zawodowej, monitorowanie rozwi\u0105za\u0144 prawnych mog\u0105cych godzi\u0107 w samorz\u0105dno\u015b\u0107 zawodow\u0105, wymiana do\u015bwiadcze\u0144 w przedmiocie wykonywania zada\u0144 samorz\u0105du zawodowego, w\u00a0tym realizacji doskonalenia zawodowego i egzekwowania odpowiedzialno\u015bci zawodowej, wsparcie w podnoszeniu kwalifikacji w zakresach wsp\u00f3lnych dla os\u00f3b wykonuj\u0105cych zawody zaufania publicznego, kszta\u0142towanie \u015bwiadomo\u015bci spo\u0142ecznej w przedmiocie realizowanej przez samorz\u0105dy zawodowe ochrony interesu publicznego.<\/p>    <\/div>\n<\/div>\n<!-- \/module text -->        <\/div>\n                        <\/div>\n        <\/div>\n                        <div  data-anchor=\"harmonogram\" data-lazy=\"1\" class=\"module_row themify_builder_row tb_has_section tb_section-harmonogram tb_bkrw471 tf_w\">\n                        <div class=\"row_inner col_align_top tb_col_count_1 tf_box tf_rel\">\n                        <div  data-lazy=\"1\" class=\"module_column tb-column col-full tb_i6n3471 first\">\n                    <!-- module fancy heading -->\n<div  class=\"module module-fancy-heading tb_om3a345 \" data-lazy=\"1\">\n        <h2 class=\"fancy-heading tf_textc\">\n    <span class=\"main-head tf_block\">\n                    Harmonogram            <\/span>\n\n    \n    <span class=\"sub-head tf_block tf_rel\">\n                                <\/span>\n    <\/h2>\n<\/div>\n<!-- \/module fancy heading -->\n        <\/div>\n                        <\/div>\n        <\/div>\n                        <div  data-lazy=\"1\" class=\"module_row themify_builder_row tb_6ulv681 tf_w\">\n                        <div class=\"row_inner col_align_top tb_col_count_1 tf_box tf_rel\">\n                        <div  data-lazy=\"1\" class=\"module_column tb-column col-full tb_e4vc681 first\">\n                            <div  data-lazy=\"1\" class=\"module_subrow themify_builder_sub_row tf_w col_align_top tb_col_count_1 tb_3jou681\">\n                <div  data-lazy=\"1\" class=\"module_column sub_column col-full tb_1cso681 first\">\n                            <div  data-lazy=\"1\" class=\"module_subrow themify_builder_sub_row tf_w col_align_middle tb_col_count_2 tb_3566681\">\n                <div  data-lazy=\"1\" class=\"module_column sub_column col4-2 tb_t26l681 first tb_link_outline\" data-tb_link=\"#rejestracja\">\n                    <!-- module icon -->\n<div  class=\"module module-icon tb_a0as681    icon_horizontal \" data-lazy=\"1\">\n\t\t\t<div class=\"module-icon-item\">\n\t\t\t\t\t\t\t\t\t\t\t\t\t\t\t\t<img decoding=\"async\" src=\"https:\/\/zawodyzaufania.usz.edu.pl\/wp-content\/uploads\/2026\/08\/zgloszenie-udzialu.svg\" width=\"100\" class=\"tf_box wp-post-image wp-image-25\" title=\"zg\u0142oszenie udzia\u0142u\" alt=\"zg\u0142oszenie udzia\u0142u\">\t\t\t\t\t\t\t\t\t\t\t\t\t\t<\/div>\n\t<\/div>\n<!-- \/module icon -->\n<!-- module text -->\n<div  class=\"module module-text tb_3h5l681   \" data-lazy=\"1\">\n        <div  class=\"tb_text_wrap\">\n        <p><strong>Zg\u0142oszenie udzia\u0142u<br><\/strong>Do 12.10.2026 r.<\/p>    <\/div>\n<\/div>\n<!-- \/module text -->        <\/div>\n                    <div  data-lazy=\"1\" class=\"module_column sub_column col4-2 tb_bap4971 last tb_link_outline\" data-tb_link=\"#program\">\n                    <!-- module icon -->\n<div  class=\"module module-icon tb_xxki971    icon_horizontal \" data-lazy=\"1\">\n\t\t\t<div class=\"module-icon-item\">\n\t\t\t\t\t\t\t\t\t\t\t\t\t\t\t\t<img decoding=\"async\" src=\"https:\/\/zawodyzaufania.usz.edu.pl\/wp-content\/uploads\/2026\/08\/data_konferencji.svg\" width=\"100\" class=\"tf_box wp-post-image wp-image-27\" title=\"data_konferencji\" alt=\"data_konferencji\">\t\t\t\t\t\t\t\t\t\t\t\t\t\t<\/div>\n\t<\/div>\n<!-- \/module icon -->\n<!-- module text -->\n<div  class=\"module module-text tb_y6ti304   \" data-lazy=\"1\">\n        <div  class=\"tb_text_wrap\">\n        <p><strong>Konferencja<br><\/strong>23.10.2026 r.<\/p>    <\/div>\n<\/div>\n<!-- \/module text -->        <\/div>\n                    <\/div>\n                <div  data-lazy=\"1\" class=\"module_subrow themify_builder_sub_row tf_w col_align_top tb_col_count_1 tb_5bi9681\">\n                <div  data-lazy=\"1\" class=\"module_column sub_column col-full tb_tiwp681 first\">\n                            <div  data-lazy=\"1\" class=\"module_subrow themify_builder_sub_row tf_w col_align_top tb_col_count_1 tb_8sin681\">\n                <div  data-lazy=\"1\" class=\"module_column sub_column col-full tb_abmk681 first\">\n                    <!-- module text -->\n<div  class=\"module module-text tb_0myq681   \" data-lazy=\"1\">\n        <div  class=\"tb_text_wrap\">\n        <h3>Konferencja zaczyna si\u0119 za:<\/h3>    <\/div>\n<\/div>\n<!-- \/module text --><!-- module countdown -->\n<div  class=\"module module-countdown tb_a6ou41 \" data-lazy=\"1\">\n\n\t\t\n\t\t\t\t\t<div class=\"builder-countdown-holder\" data-target-date=\"1792764000\" data-target-refresh=\"n\">\n\n\t\t\t\n\t\t\t<div class=\"days ui transparent tf_textc tf_inline_b\">\n\t\t\t\t<div class=\"date-counter\"><\/div>\n\t\t\t\t<div class=\"date-label\">Dni<\/div>\n\t\t\t<\/div>\n\t\t\t<div class=\"hours ui transparent tf_textc tf_inline_b\">\n\t\t\t\t<div class=\"date-counter\"><\/div>\n\t\t\t\t<div class=\"date-label\">Godzin<\/div>\n\t\t\t<\/div>\n\t\t\t<div class=\"minutes ui transparent tf_textc tf_inline_b\">\n\t\t\t\t<div class=\"date-counter\"><\/div>\n\t\t\t\t<div class=\"date-label\">Minut<\/div>\n\t\t\t<\/div>\n\t\t\t<div class=\"seconds ui transparent tf_textc tf_inline_b\">\n\t\t\t\t<div class=\"date-counter\"><\/div>\n\t\t\t\t<div class=\"date-label\">Sekund<\/div>\n\t\t\t<\/div>\n\t\t<\/div>\n\n\t\n\t<\/div><!-- \/module countdown -->        <\/div>\n                    <\/div>\n                <\/div>\n                    <\/div>\n                <\/div>\n                    <\/div>\n                <\/div>\n                        <\/div>\n        <\/div>\n                        <div  data-anchor=\"program\" data-css_id=\"8n12807\" data-lazy=\"1\" class=\"module_row themify_builder_row fullwidth_row_container tb_has_section tb_section-program tb_8n12807 tf_w\">\n                        <div class=\"row_inner col_align_top tb_col_count_1 tf_box tf_rel\">\n                        <div  data-lazy=\"1\" class=\"module_column tb-column col-full tb_hmun807 first\">\n                            <div  data-lazy=\"1\" class=\"module_subrow themify_builder_sub_row tf_w col_align_top tb_col_count_1 tb_lswl807\">\n                <div  data-lazy=\"1\" class=\"module_column sub_column col-full tb_xykl807 first\">\n                    <!-- module fancy heading -->\n<div  class=\"module module-fancy-heading tb_mk4d974 \" data-lazy=\"1\">\n        <h2 class=\"fancy-heading tf_textc\">\n    <span class=\"main-head tf_block\">\n                    Program            <\/span>\n\n    \n    <span class=\"sub-head tf_block tf_rel\">\n                                <\/span>\n    <\/h2>\n<\/div>\n<!-- \/module fancy heading -->\n<!-- module buttons -->\n<div  class=\"module module-buttons tb_xv33807 buttons-horizontal solid   rounded\" data-lazy=\"1\">\n        <div class=\"module-buttons-item tf_in_flx\">\n                        <a href=\"https:\/\/zawodyzaufania.usz.edu.pl\/wp-content\/uploads\/2026\/08\/program-Konferencji-SzPZZP-US.pdf\" class=\"ui builder_button tf_in_flx orange rounded\" >\n                                                Pobierz program w formacie PDF                                        <\/a>\n                <\/div>\n            <\/div>\n<!-- \/module buttons -->\n<!-- module accordion -->\n<div  class=\"module module-accordion tb_al4x807 \" data-behavior=\"toggle\" data-lazy=\"1\">\n    \n    <ul class=\"ui module-accordion   tb_default_color\">\n            <li class=\"builder-accordion-active\">\n            <h3 class=\"accordion-title tf_rel\">\n                <a href=\"#acc-al4x807-0\" class=\"tb_title_accordion\" aria-controls=\"acc-al4x807-0\" aria-expanded=\"true\">\n                                                            <span class=\"accordion-title-wrap\">23 pa\u017adziernika 2026<\/span>                <\/a>\n            <\/h3><!-- .accordion-title -->\n            <div id=\"acc-al4x807-0\" data-id=\"acc-al4x807-0\" aria-hidden=\"false\" class=\"accordion-content tf_clearfix\">\n                        <div  data-lazy=\"1\" class=\"module_subrow themify_builder_sub_row tf_w col_align_top tb_col_count_2 tb_c97r807\">\n                <div  data-lazy=\"1\" class=\"module_column sub_column col4-2 tb_4o82807 first\">\n                    <!-- module text -->\n<div  class=\"module module-text tb_b0f9807   \" data-lazy=\"1\">\n        <div  class=\"tb_text_wrap\">\n        <p><strong>9:30 \u2013 10:00<\/strong><\/p>    <\/div>\n<\/div>\n<!-- \/module text -->        <\/div>\n                    <div  data-lazy=\"1\" class=\"module_column sub_column col4-2 tb_hdel807 last\">\n                    <!-- module text -->\n<div  class=\"module module-text tb_amoz409   \" data-lazy=\"1\">\n        <div  class=\"tb_text_wrap\">\n        <p style=\"text-align: left;\"><strong>Rejestracja uczestnik\u00f3w, bufet kawowy<\/strong><\/p>    <\/div>\n<\/div>\n<!-- \/module text -->        <\/div>\n                    <\/div>\n                <div  data-lazy=\"1\" class=\"module_subrow themify_builder_sub_row tf_w col_align_top tb_col_count_2 tb_33wj807\">\n                <div  data-lazy=\"1\" class=\"module_column sub_column col4-2 tb_sz7s807 first\">\n                    <!-- module text -->\n<div  class=\"module module-text tb_qg7i807   \" data-lazy=\"1\">\n        <div  class=\"tb_text_wrap\">\n        <p><strong>10:00 \u2013 10:15<\/strong><\/p>    <\/div>\n<\/div>\n<!-- \/module text -->        <\/div>\n                    <div  data-lazy=\"1\" class=\"module_column sub_column col4-2 tb_qi4n807 last\">\n                    <!-- module text -->\n<div  class=\"module module-text tb_tk7t682   \" data-lazy=\"1\">\n        <div  class=\"tb_text_wrap\">\n        <p style=\"text-align: left;\"><strong>Otwarcie Konferencji<\/strong><\/p>    <\/div>\n<\/div>\n<!-- \/module text -->        <\/div>\n                    <\/div>\n                <div  data-lazy=\"1\" class=\"module_subrow themify_builder_sub_row tf_w col_align_top tb_col_count_2 tb_qzdc807\">\n                <div  data-lazy=\"1\" class=\"module_column sub_column col4-2 tb_5gn5807 first\">\n                    <!-- module text -->\n<div  class=\"module module-text tb_9sqe807   \" data-lazy=\"1\">\n        <div  class=\"tb_text_wrap\">\n        <p><strong>10:15 &#8211; 10:35<\/strong><\/p>    <\/div>\n<\/div>\n<!-- \/module text -->        <\/div>\n                    <div  data-lazy=\"1\" class=\"module_column sub_column col4-2 tb_2rto807 last\">\n                    <!-- module text -->\n<div  class=\"module module-text tb_pgaf407   \" data-lazy=\"1\">\n        <div  class=\"tb_text_wrap\">\n        <p style=\"text-align: left;\">Wyk\u0142ad wprowadzaj\u0105cy: dr hab. Kinga Flaga-Gieruszy\u0144ska, prof. US<br><strong><em>Ocenny charakter kryteri\u00f3w nadzoru \u2013 wybrane problemy interpretacyjne<\/em><\/strong><\/p>    <\/div>\n<\/div>\n<!-- \/module text -->        <\/div>\n                    <\/div>\n                <div  data-lazy=\"1\" class=\"module_subrow themify_builder_sub_row tf_w col_align_top tb_col_count_2 tb_26x4525\">\n                <div  data-lazy=\"1\" class=\"module_column sub_column col4-2 tb_ndpw525 first\">\n                    <!-- module text -->\n<div  class=\"module module-text tb_10wd525   \" data-lazy=\"1\">\n        <div  class=\"tb_text_wrap\">\n        <p><strong>10:35 \u2013 11:35<\/strong><\/p>    <\/div>\n<\/div>\n<!-- \/module text -->        <\/div>\n                    <div  data-lazy=\"1\" class=\"module_column sub_column col4-2 tb_mwu0525 last\">\n                    <!-- module text -->\n<div  class=\"module module-text tb_3nn2525   \" data-lazy=\"1\">\n        <div  class=\"tb_text_wrap\">\n        <h4 style=\"text-align: left;\">Panel I &#8211; Modele nadzoru nad wykonywaniem zawodu<\/h4>\n<p style=\"text-align: left;\">(moderator: dr Aleksandra Klich, Wydzia\u0142 Prawa i Administracji Uniwersytetu Szczeci\u0144skiego)<\/p>\n<p>Jakub Cie\u015blicki, radca prawny<br>Cz\u0142onek Prezydium Okr\u0119gowej Izby Radc\u00f3w Prawnych w Szczecinie, Rzecznik Prasowy<\/p>\n<p>dr Gabriela Hofman, po\u0142o\u017cna<br>Przewodnicz\u0105ca Rady Szczeci\u0144skiej Izby Piel\u0119gniarek i Po\u0142o\u017cnych<\/p>\n<p>Kamil Jesionowski, bieg\u0142y rewident<br>Prezes Polskiej Izby Bieg\u0142ych Rewident\u00f3w<\/p>\n<p>Aleksander Matysiak, lekarz<br>Sekretarz Okr\u0119gowej Rady Lekarskiej w Szczecinie<\/p>\n<p>Tomasz Szybalski, komornik<br>Sekretarz Krajowej Rady Komorniczej<\/p>    <\/div>\n<\/div>\n<!-- \/module text -->        <\/div>\n                    <\/div>\n                <div  data-lazy=\"1\" class=\"module_subrow themify_builder_sub_row tf_w col_align_top tb_col_count_1 tb_lkul807\">\n                <div  data-lazy=\"1\" class=\"module_column sub_column tb_rlbe807 first\">\n                            <div  data-lazy=\"1\" class=\"module_subrow themify_builder_sub_row tf_w col_align_top tb_col_count_2 tb_271y237\">\n                <div  data-lazy=\"1\" class=\"module_column sub_column col4-2 tb_opbf237 first\">\n                    <!-- module text -->\n<div  class=\"module module-text tb_xblb237   \" data-lazy=\"1\">\n        <div  class=\"tb_text_wrap\">\n        <p><strong>11:35 &#8211; 11:40<\/strong><\/p>    <\/div>\n<\/div>\n<!-- \/module text -->        <\/div>\n                    <div  data-lazy=\"1\" class=\"module_column sub_column col4-2 tb_h2fm237 last\">\n                    <!-- module text -->\n<div  class=\"module module-text tb_x1ud237   \" data-lazy=\"1\">\n        <div  class=\"tb_text_wrap\">\n        <p style=\"text-align: left;\">Podsumowanie Panelu I \u2013 dr Przemys\u0142aw Mijal, Wydzia\u0142 Prawa i Administracji Uniwersytetu Szczeci\u0144skiego<\/p>    <\/div>\n<\/div>\n<!-- \/module text -->        <\/div>\n                    <\/div>\n                <div  data-lazy=\"1\" class=\"module_subrow themify_builder_sub_row tf_w col_align_top tb_col_count_2 tb_n54s807\">\n                <div  data-lazy=\"1\" class=\"module_column sub_column col4-2 tb_opk2807 first\">\n                    <!-- module text -->\n<div  class=\"module module-text tb_gjcc807   \" data-lazy=\"1\">\n        <div  class=\"tb_text_wrap\">\n        <p><strong>11:40 \u2013 12:15<\/strong><\/p>    <\/div>\n<\/div>\n<!-- \/module text -->        <\/div>\n                    <div  data-lazy=\"1\" class=\"module_column sub_column col4-2 tb_2wcv807 last\">\n                    <!-- module text -->\n<div  class=\"module module-text tb_rzts3   \" data-lazy=\"1\">\n        <div  class=\"tb_text_wrap\">\n        <p style=\"text-align: left;\">Przerwa kawowa<\/p>    <\/div>\n<\/div>\n<!-- \/module text -->        <\/div>\n                    <\/div>\n                <div  data-lazy=\"1\" class=\"module_subrow themify_builder_sub_row tf_w col_align_top tb_col_count_2 tb_1i47807\">\n                <div  data-lazy=\"1\" class=\"module_column sub_column col4-2 tb_xnk1807 first\">\n                    <!-- module text -->\n<div  class=\"module module-text tb_h700807   \" data-lazy=\"1\">\n        <div  class=\"tb_text_wrap\">\n        <p><strong>12:15 \u2013 12:35<\/strong><\/p>    <\/div>\n<\/div>\n<!-- \/module text -->        <\/div>\n                    <div  data-lazy=\"1\" class=\"module_column sub_column col4-2 tb_6s0c807 last\">\n                    <!-- module text -->\n<div  class=\"module module-text tb_vs5426   \" data-lazy=\"1\">\n        <div  class=\"tb_text_wrap\">\n        <p style=\"text-align: left;\">Wyk\u0142ad wprowadzaj\u0105cy: dr hab. Mariusz Nawrocki, prof. US<br><strong><em>Odpowiedzialno\u015b\u0107 dyscyplinarna za u\u017cycie sztucznej inteligencji<\/em><\/strong><\/p>    <\/div>\n<\/div>\n<!-- \/module text -->        <\/div>\n                    <\/div>\n                <div  data-lazy=\"1\" class=\"module_subrow themify_builder_sub_row tf_w col_align_top tb_col_count_2 tb_nahn142\">\n                <div  data-lazy=\"1\" class=\"module_column sub_column col4-2 tb_lxht142 first\">\n                    <!-- module text -->\n<div  class=\"module module-text tb_g5le142   \" data-lazy=\"1\">\n        <div  class=\"tb_text_wrap\">\n        <p><strong>12:35 \u2013 13:35<\/strong><\/p>    <\/div>\n<\/div>\n<!-- \/module text -->        <\/div>\n                    <div  data-lazy=\"1\" class=\"module_column sub_column col4-2 tb_91s9142 last\">\n                    <!-- module text -->\n<div  class=\"module module-text tb_n63c852   \" data-lazy=\"1\">\n        <div  class=\"tb_text_wrap\">\n        <h4 style=\"text-align: left;\"><strong>Panel II &#8211; Modele odpowiedzialno\u015bci zawodowej<\/strong><\/h4>\n<p style=\"text-align: left;\">(moderator: dr Bartosz Wilk, Wydzia\u0142 Prawa i Administracji Uniwersytetu Szczeci\u0144skiego)<\/p>\n<p>Ewelina Bo\u017cacka, architekt<br>Cz\u0142onek Zachodniopomorskiej Okr\u0119gowej Rady Izby Architekt\u00f3w RP<\/p>\n<p>Przemys\u0142aw Gac, adwokat<br>Rzecznik Dyscyplinarny Szczeci\u0144skiej Izby Adwokackiej<\/p>\n<p>Marek Konieczny, farmaceuta<br>Okr\u0119gowy Rzecznik Odpowiedzialno\u015bci Zawodowej Zachodniopomorskiej Okr\u0119gowej Izby Aptekarskiej<\/p>\n<p>Krzysztof Wojtowicz, doradca podatkowy<br>Wiceprzewodnicz\u0105cy Wy\u017cszego S\u0105du Dyscyplinarnego Krajowej Izby Doradc\u00f3w Podatkowych<\/p>\n<p>Barbara Wolska, notariusz<br>Wiceprezes Rady Izby Notarialnej w Szczecinie<\/p>    <\/div>\n<\/div>\n<!-- \/module text -->        <\/div>\n                    <\/div>\n                <div  data-lazy=\"1\" class=\"module_subrow themify_builder_sub_row tf_w col_align_top tb_col_count_2 tb_9ix5969\">\n                <div  data-lazy=\"1\" class=\"module_column sub_column col4-2 tb_luc3969 first\">\n                    <!-- module text -->\n<div  class=\"module module-text tb_k8k5969   \" data-lazy=\"1\">\n        <div  class=\"tb_text_wrap\">\n        <p><strong>13:35 \u2013 13:40<\/strong><\/p>    <\/div>\n<\/div>\n<!-- \/module text -->        <\/div>\n                    <div  data-lazy=\"1\" class=\"module_column sub_column col4-2 tb_adph969 last\">\n                    <!-- module text -->\n<div  class=\"module module-text tb_r0jt969   \" data-lazy=\"1\">\n        <div  class=\"tb_text_wrap\">\n        <p style=\"text-align: left;\">Podsumowanie Panelu II \u2013 dr Kamil D\u0105browski, Wydzia\u0142 Prawa i Administracji Uniwersytetu Szczeci\u0144skiego<\/p>    <\/div>\n<\/div>\n<!-- \/module text -->        <\/div>\n                    <\/div>\n                <div  data-lazy=\"1\" class=\"module_subrow themify_builder_sub_row tf_w col_align_top tb_col_count_2 tb_7v8p768\">\n                <div  data-lazy=\"1\" class=\"module_column sub_column col4-2 tb_ukpl768 first\">\n                    <!-- module text -->\n<div  class=\"module module-text tb_825q768   \" data-lazy=\"1\">\n        <div  class=\"tb_text_wrap\">\n        <p><strong>13:40- 14:00<\/strong><\/p>    <\/div>\n<\/div>\n<!-- \/module text -->        <\/div>\n                    <div  data-lazy=\"1\" class=\"module_column sub_column col4-2 tb_j1jh768 last\">\n                    <!-- module text -->\n<div  class=\"module module-text tb_y3x6768   \" data-lazy=\"1\">\n        <div  class=\"tb_text_wrap\">\n        <p style=\"text-align: left;\">Dyskusja, pytania<\/p>    <\/div>\n<\/div>\n<!-- \/module text -->        <\/div>\n                    <\/div>\n                <div  data-lazy=\"1\" class=\"module_subrow themify_builder_sub_row tf_w col_align_top tb_col_count_2 tb_1tm3337\">\n                <div  data-lazy=\"1\" class=\"module_column sub_column col4-2 tb_twla337 first\">\n                    <!-- module text -->\n<div  class=\"module module-text tb_h339337   \" data-lazy=\"1\">\n        <div  class=\"tb_text_wrap\">\n        <p><strong>14:00<\/strong><\/p>    <\/div>\n<\/div>\n<!-- \/module text -->        <\/div>\n                    <div  data-lazy=\"1\" class=\"module_column sub_column col4-2 tb_5vy3337 last\">\n                    <!-- module text -->\n<div  class=\"module module-text tb_1ah5337   \" data-lazy=\"1\">\n        <div  class=\"tb_text_wrap\">\n        <p style=\"text-align: left;\">Zako\u0144czenie Konferencji<\/p>    <\/div>\n<\/div>\n<!-- \/module text -->        <\/div>\n                    <\/div>\n                <\/div>\n                    <\/div>\n                    <\/div><!-- .accordion-content -->\n        <\/li>\n        <\/ul>\n\n<\/div><!-- \/module accordion -->        <\/div>\n                    <\/div>\n                <\/div>\n                        <\/div>\n        <\/div>\n                        <div  data-anchor=\"lokalizacja\" data-css_id=\"v3fg366\" data-lazy=\"1\" class=\"module_row themify_builder_row fullwidth_row_container tb_has_section tb_section-lokalizacja tb_v3fg366 tf_w\">\n                        <div class=\"row_inner col_align_top tb_col_count_1 tf_box tf_rel\">\n                        <div  data-lazy=\"1\" class=\"module_column tb-column col-full tb_4jvb366 first\">\n                    <!-- module fancy heading -->\n<div  class=\"module module-fancy-heading tb_gouh933 \" data-lazy=\"1\">\n        <h2 class=\"fancy-heading tf_textc\">\n    <span class=\"main-head tf_block\">\n                    Lokalizacja            <\/span>\n\n    \n    <span class=\"sub-head tf_block tf_rel\">\n                                <\/span>\n    <\/h2>\n<\/div>\n<!-- \/module fancy heading -->\n<!-- module text -->\n<div  class=\"module module-text tb_hk4b366   \" data-lazy=\"1\">\n        <div  class=\"tb_text_wrap\">\n        <p><strong>ul. Adama Mickiewicza 18, 70-383 Szczecin<\/strong><br><strong>Centrum Dydaktyczno-Badawcze Nauk Przyrodniczych, Uniwersytetu Szczeci\u0144skiego<\/strong><\/p>    <\/div>\n<\/div>\n<!-- \/module text -->        <div  data-lazy=\"1\" class=\"module_subrow themify_builder_sub_row tf_w col_align_top tb_col_count_2 tb_mh8q366\">\n                <div  data-lazy=\"1\" class=\"module_column sub_column col4-2 tb_tekh366 first\">\n                    <!-- module image -->\n<div  class=\"module module-image tb_oj7h366 image-top rounded  tf_mw\" data-lazy=\"1\">\n        <div class=\"image-wrap tf_rel tf_mw\">\n            <img loading=\"lazy\" decoding=\"async\" width=\"1160\" height=\"660\" src=\"https:\/\/zawodyzaufania.usz.edu.pl\/wp-content\/uploads\/2026\/08\/Centrum-Dydaktyczno-Badawcze-US.jpg\" class=\"wp-post-image wp-image-50\" title=\"Centrum-Dydaktyczno-Badawcze-US\" alt=\"\" srcset=\"https:\/\/zawodyzaufania.usz.edu.pl\/wp-content\/uploads\/2026\/08\/Centrum-Dydaktyczno-Badawcze-US.jpg 1160w, https:\/\/zawodyzaufania.usz.edu.pl\/wp-content\/uploads\/2026\/08\/Centrum-Dydaktyczno-Badawcze-US-300x171.jpg 300w, https:\/\/zawodyzaufania.usz.edu.pl\/wp-content\/uploads\/2026\/08\/Centrum-Dydaktyczno-Badawcze-US-1024x583.jpg 1024w, https:\/\/zawodyzaufania.usz.edu.pl\/wp-content\/uploads\/2026\/08\/Centrum-Dydaktyczno-Badawcze-US-768x437.jpg 768w\" sizes=\"auto, (max-width: 1160px) 100vw, 1160px\" \/>    \n        <\/div>\n    <!-- \/image-wrap -->\n    \n        <\/div>\n<!-- \/module image -->        <\/div>\n                    <div  data-lazy=\"1\" class=\"module_column sub_column col4-2 tb_x9fv366 last\">\n                    <!-- module plain text -->\n<div  class=\"module module-plain-text tb_lbhf366 \" data-lazy=\"1\">\n        <div class=\"tb_text_wrap\">\n    <iframe src=\"https:\/\/www.google.com\/maps\/embed?pb=!1m18!1m12!1m3!1d5527.470350170815!2d14.525608940536163!3d53.43609675650014!2m3!1f0!2f0!3f0!3m2!1i1024!2i768!4f13.1!3m3!1m2!1s0x47aa0938f982ed9b%3A0x67fa121db3dfc134!2sCentrum%20Dydaktyczno-Badawcze%20Nauk%20Przyrodniczych%2C%20Uniwersytetu%20Szczeci%C5%84skiego!5e0!3m2!1spl!2spl!4v1786958524318!5m2!1spl!2spl\" width=\"600\" height=\"300\" style=\"border:0; border-radius:16px;\"  allowfullscreen=\"\" loading=\"lazy\" referrerpolicy=\"no-referrer-when-downgrade\"><\/iframe>    <\/div>\n<\/div>\n<!-- \/module plain text -->        <\/div>\n                    <\/div>\n                <\/div>\n                        <\/div>\n        <\/div>\n                        <div  data-anchor=\"organizatorzy\" data-css_id=\"5js7814\" data-lazy=\"1\" class=\"module_row themify_builder_row fullwidth_row_container tb_has_section tb_section-organizatorzy tb_5js7814 tf_w\">\n                        <div class=\"row_inner col_align_top tb_col_count_1 tf_box tf_rel\">\n                        <div  data-lazy=\"1\" class=\"module_column tb-column col-full tb_4bd8814 first\">\n                    <!-- module fancy heading -->\n<div  class=\"module module-fancy-heading tb_9vuh541 \" data-lazy=\"1\">\n        <h2 class=\"fancy-heading tf_textc\">\n    <span class=\"main-head tf_block\">\n                    Organizatorzy            <\/span>\n\n    \n    <span class=\"sub-head tf_block tf_rel\">\n                                <\/span>\n    <\/h2>\n<\/div>\n<!-- \/module fancy heading -->\n        <div  data-lazy=\"1\" class=\"module_subrow themify_builder_sub_row tf_w col_align_top tb_col_count_3 tb_x30k605\">\n                <div  data-lazy=\"1\" class=\"module_column sub_column col3-1 tb_oyln605 first\">\n                            <\/div>\n                    <div  data-lazy=\"1\" class=\"module_column sub_column col3-1 tb_xtrc605\">\n                    <!-- module image -->\n<div  class=\"module module-image tb_7ov8605 image-top   tf_mw\" data-lazy=\"1\">\n        <div class=\"image-wrap tf_rel tf_mw\">\n            <img loading=\"lazy\" decoding=\"async\" width=\"1536\" height=\"1024\" src=\"https:\/\/zawodyzaufania.usz.edu.pl\/wp-content\/uploads\/2026\/08\/IMG-20260513-WA0002.jpg\" class=\"wp-post-image wp-image-124\" title=\"IMG-20260513-WA0002\" alt=\"\" srcset=\"https:\/\/zawodyzaufania.usz.edu.pl\/wp-content\/uploads\/2026\/08\/IMG-20260513-WA0002.jpg 1536w, https:\/\/zawodyzaufania.usz.edu.pl\/wp-content\/uploads\/2026\/08\/IMG-20260513-WA0002-300x200.jpg 300w, https:\/\/zawodyzaufania.usz.edu.pl\/wp-content\/uploads\/2026\/08\/IMG-20260513-WA0002-1024x683.jpg 1024w, https:\/\/zawodyzaufania.usz.edu.pl\/wp-content\/uploads\/2026\/08\/IMG-20260513-WA0002-768x512.jpg 768w\" sizes=\"auto, (max-width: 1536px) 100vw, 1536px\" \/>    \n        <\/div>\n    <!-- \/image-wrap -->\n    \n        <\/div>\n<!-- \/module image -->        <\/div>\n                    <div  data-lazy=\"1\" class=\"module_column sub_column col3-1 tb_ca8n605 last\">\n                            <\/div>\n                    <\/div>\n                <div  data-lazy=\"1\" class=\"module_subrow themify_builder_sub_row tf_w col_align_top tb_col_count_3 tb_vefv984\">\n                <div  data-lazy=\"1\" class=\"module_column sub_column col3-1 tb_ldx8985 first\">\n                    <!-- module image -->\n<div  class=\"module module-image tb_tqc2985 image-top   tf_mw\" data-lazy=\"1\">\n        <div class=\"image-wrap tf_rel tf_mw\">\n            <img loading=\"lazy\" decoding=\"async\" width=\"1236\" height=\"434\" src=\"https:\/\/zawodyzaufania.usz.edu.pl\/wp-content\/uploads\/2026\/08\/doradcow-podatkowych.png\" class=\"wp-post-image wp-image-88\" title=\"doradcow podatkowych\" alt=\"\" srcset=\"https:\/\/zawodyzaufania.usz.edu.pl\/wp-content\/uploads\/2026\/08\/doradcow-podatkowych.png 1236w, https:\/\/zawodyzaufania.usz.edu.pl\/wp-content\/uploads\/2026\/08\/doradcow-podatkowych-300x105.png 300w, https:\/\/zawodyzaufania.usz.edu.pl\/wp-content\/uploads\/2026\/08\/doradcow-podatkowych-1024x360.png 1024w, https:\/\/zawodyzaufania.usz.edu.pl\/wp-content\/uploads\/2026\/08\/doradcow-podatkowych-768x270.png 768w\" sizes=\"auto, (max-width: 1236px) 100vw, 1236px\" \/>    \n        <\/div>\n    <!-- \/image-wrap -->\n    \n        <\/div>\n<!-- \/module image -->        <\/div>\n                    <div  data-lazy=\"1\" class=\"module_column sub_column col3-1 tb_pnur985\">\n                    <!-- module image -->\n<div  class=\"module module-image tb_spaa985 image-top   tf_mw\" data-lazy=\"1\">\n        <div class=\"image-wrap tf_rel tf_mw\">\n            <img loading=\"lazy\" decoding=\"async\" width=\"1236\" height=\"434\" src=\"https:\/\/zawodyzaufania.usz.edu.pl\/wp-content\/uploads\/2026\/08\/Izba-adwokacka.png\" class=\"wp-post-image wp-image-89\" title=\"Izba adwokacka\" alt=\"\" srcset=\"https:\/\/zawodyzaufania.usz.edu.pl\/wp-content\/uploads\/2026\/08\/Izba-adwokacka.png 1236w, https:\/\/zawodyzaufania.usz.edu.pl\/wp-content\/uploads\/2026\/08\/Izba-adwokacka-300x105.png 300w, https:\/\/zawodyzaufania.usz.edu.pl\/wp-content\/uploads\/2026\/08\/Izba-adwokacka-1024x360.png 1024w, https:\/\/zawodyzaufania.usz.edu.pl\/wp-content\/uploads\/2026\/08\/Izba-adwokacka-768x270.png 768w\" sizes=\"auto, (max-width: 1236px) 100vw, 1236px\" \/>    \n        <\/div>\n    <!-- \/image-wrap -->\n    \n        <\/div>\n<!-- \/module image -->        <\/div>\n                    <div  data-lazy=\"1\" class=\"module_column sub_column col3-1 tb_4y3u985 last\">\n                    <!-- module image -->\n<div  class=\"module module-image tb_r2yt985 image-top   tf_mw\" data-lazy=\"1\">\n        <div class=\"image-wrap tf_rel tf_mw\">\n            <img loading=\"lazy\" decoding=\"async\" width=\"1236\" height=\"434\" src=\"https:\/\/zawodyzaufania.usz.edu.pl\/wp-content\/uploads\/2026\/08\/izba-architektow.png\" class=\"wp-post-image wp-image-90\" title=\"izba architektow\" alt=\"\" srcset=\"https:\/\/zawodyzaufania.usz.edu.pl\/wp-content\/uploads\/2026\/08\/izba-architektow.png 1236w, https:\/\/zawodyzaufania.usz.edu.pl\/wp-content\/uploads\/2026\/08\/izba-architektow-300x105.png 300w, https:\/\/zawodyzaufania.usz.edu.pl\/wp-content\/uploads\/2026\/08\/izba-architektow-1024x360.png 1024w, https:\/\/zawodyzaufania.usz.edu.pl\/wp-content\/uploads\/2026\/08\/izba-architektow-768x270.png 768w\" sizes=\"auto, (max-width: 1236px) 100vw, 1236px\" \/>    \n        <\/div>\n    <!-- \/image-wrap -->\n    \n        <\/div>\n<!-- \/module image -->        <\/div>\n                    <\/div>\n                <div  data-lazy=\"1\" class=\"module_subrow themify_builder_sub_row tf_w col_align_top tb_col_count_3 tb_tcoq501\">\n                <div  data-lazy=\"1\" class=\"module_column sub_column col3-1 tb_us29501 first\">\n                    <!-- module image -->\n<div  class=\"module module-image tb_yvdx501 image-top   tf_mw\" data-lazy=\"1\">\n        <div class=\"image-wrap tf_rel tf_mw\">\n            <img loading=\"lazy\" decoding=\"async\" width=\"1236\" height=\"434\" src=\"https:\/\/zawodyzaufania.usz.edu.pl\/wp-content\/uploads\/2026\/08\/Izba-komornicza-2.png\" class=\"wp-post-image wp-image-91\" title=\"Izba komornicza\" alt=\"\" srcset=\"https:\/\/zawodyzaufania.usz.edu.pl\/wp-content\/uploads\/2026\/08\/Izba-komornicza-2.png 1236w, https:\/\/zawodyzaufania.usz.edu.pl\/wp-content\/uploads\/2026\/08\/Izba-komornicza-2-300x105.png 300w, https:\/\/zawodyzaufania.usz.edu.pl\/wp-content\/uploads\/2026\/08\/Izba-komornicza-2-1024x360.png 1024w, https:\/\/zawodyzaufania.usz.edu.pl\/wp-content\/uploads\/2026\/08\/Izba-komornicza-2-768x270.png 768w\" sizes=\"auto, (max-width: 1236px) 100vw, 1236px\" \/>    \n        <\/div>\n    <!-- \/image-wrap -->\n    \n        <\/div>\n<!-- \/module image -->        <\/div>\n                    <div  data-lazy=\"1\" class=\"module_column sub_column col3-1 tb_ik5x501\">\n                    <!-- module image -->\n<div  class=\"module module-image tb_jq3q501 image-top   tf_mw\" data-lazy=\"1\">\n        <div class=\"image-wrap tf_rel tf_mw\">\n            <img loading=\"lazy\" decoding=\"async\" width=\"1236\" height=\"434\" src=\"https:\/\/zawodyzaufania.usz.edu.pl\/wp-content\/uploads\/2026\/08\/Izba-lekarska.png\" class=\"wp-post-image wp-image-92\" title=\"Izba lekarska\" alt=\"\" srcset=\"https:\/\/zawodyzaufania.usz.edu.pl\/wp-content\/uploads\/2026\/08\/Izba-lekarska.png 1236w, https:\/\/zawodyzaufania.usz.edu.pl\/wp-content\/uploads\/2026\/08\/Izba-lekarska-300x105.png 300w, https:\/\/zawodyzaufania.usz.edu.pl\/wp-content\/uploads\/2026\/08\/Izba-lekarska-1024x360.png 1024w, https:\/\/zawodyzaufania.usz.edu.pl\/wp-content\/uploads\/2026\/08\/Izba-lekarska-768x270.png 768w\" sizes=\"auto, (max-width: 1236px) 100vw, 1236px\" \/>    \n        <\/div>\n    <!-- \/image-wrap -->\n    \n        <\/div>\n<!-- \/module image -->        <\/div>\n                    <div  data-lazy=\"1\" class=\"module_column sub_column col3-1 tb_udgi501 last\">\n                    <!-- module image -->\n<div  class=\"module module-image tb_ebps501 image-top   tf_mw\" data-lazy=\"1\">\n        <div class=\"image-wrap tf_rel tf_mw\">\n            <img loading=\"lazy\" decoding=\"async\" width=\"1236\" height=\"434\" src=\"https:\/\/zawodyzaufania.usz.edu.pl\/wp-content\/uploads\/2026\/08\/Izba-notarialna.png\" class=\"wp-post-image wp-image-93\" title=\"Izba notarialna\" alt=\"\" srcset=\"https:\/\/zawodyzaufania.usz.edu.pl\/wp-content\/uploads\/2026\/08\/Izba-notarialna.png 1236w, https:\/\/zawodyzaufania.usz.edu.pl\/wp-content\/uploads\/2026\/08\/Izba-notarialna-300x105.png 300w, https:\/\/zawodyzaufania.usz.edu.pl\/wp-content\/uploads\/2026\/08\/Izba-notarialna-1024x360.png 1024w, https:\/\/zawodyzaufania.usz.edu.pl\/wp-content\/uploads\/2026\/08\/Izba-notarialna-768x270.png 768w\" sizes=\"auto, (max-width: 1236px) 100vw, 1236px\" \/>    \n        <\/div>\n    <!-- \/image-wrap -->\n    \n        <\/div>\n<!-- \/module image -->        <\/div>\n                    <\/div>\n                <div  data-lazy=\"1\" class=\"module_subrow themify_builder_sub_row tf_w col_align_top tb_col_count_3 tb_sak8993\">\n                <div  data-lazy=\"1\" class=\"module_column sub_column col3-1 tb_6wld993 first\">\n                    <!-- module image -->\n<div  class=\"module module-image tb_jwri993 image-top   tf_mw\" data-lazy=\"1\">\n        <div class=\"image-wrap tf_rel tf_mw\">\n            <img loading=\"lazy\" decoding=\"async\" width=\"1236\" height=\"434\" src=\"https:\/\/zawodyzaufania.usz.edu.pl\/wp-content\/uploads\/2026\/08\/Izba-weterynaryjna-2.png\" class=\"wp-post-image wp-image-94\" title=\"Izba weterynaryjna\" alt=\"\" srcset=\"https:\/\/zawodyzaufania.usz.edu.pl\/wp-content\/uploads\/2026\/08\/Izba-weterynaryjna-2.png 1236w, https:\/\/zawodyzaufania.usz.edu.pl\/wp-content\/uploads\/2026\/08\/Izba-weterynaryjna-2-300x105.png 300w, https:\/\/zawodyzaufania.usz.edu.pl\/wp-content\/uploads\/2026\/08\/Izba-weterynaryjna-2-1024x360.png 1024w, https:\/\/zawodyzaufania.usz.edu.pl\/wp-content\/uploads\/2026\/08\/Izba-weterynaryjna-2-768x270.png 768w\" sizes=\"auto, (max-width: 1236px) 100vw, 1236px\" \/>    \n        <\/div>\n    <!-- \/image-wrap -->\n    \n        <\/div>\n<!-- \/module image -->        <\/div>\n                    <div  data-lazy=\"1\" class=\"module_column sub_column col3-1 tb_vi59993\">\n                    <!-- module image -->\n<div  class=\"module module-image tb_5e7d993 image-top   tf_mw\" data-lazy=\"1\">\n        <div class=\"image-wrap tf_rel tf_mw\">\n            <img loading=\"lazy\" decoding=\"async\" width=\"1236\" height=\"434\" src=\"https:\/\/zawodyzaufania.usz.edu.pl\/wp-content\/uploads\/2026\/08\/OIRP.png\" class=\"wp-post-image wp-image-95\" title=\"OIRP\" alt=\"\" srcset=\"https:\/\/zawodyzaufania.usz.edu.pl\/wp-content\/uploads\/2026\/08\/OIRP.png 1236w, https:\/\/zawodyzaufania.usz.edu.pl\/wp-content\/uploads\/2026\/08\/OIRP-300x105.png 300w, https:\/\/zawodyzaufania.usz.edu.pl\/wp-content\/uploads\/2026\/08\/OIRP-1024x360.png 1024w, https:\/\/zawodyzaufania.usz.edu.pl\/wp-content\/uploads\/2026\/08\/OIRP-768x270.png 768w\" sizes=\"auto, (max-width: 1236px) 100vw, 1236px\" \/>    \n        <\/div>\n    <!-- \/image-wrap -->\n    \n        <\/div>\n<!-- \/module image -->        <\/div>\n                    <div  data-lazy=\"1\" class=\"module_column sub_column col3-1 tb_vpal993 last\">\n                    <!-- module image -->\n<div  class=\"module module-image tb_mwas993 image-top   tf_mw\" data-lazy=\"1\">\n        <div class=\"image-wrap tf_rel tf_mw\">\n            <img loading=\"lazy\" decoding=\"async\" width=\"1236\" height=\"434\" src=\"https:\/\/zawodyzaufania.usz.edu.pl\/wp-content\/uploads\/2026\/08\/okregowa-izba-aptekarska.png\" class=\"wp-post-image wp-image-96\" title=\"okregowa izba aptekarska\" alt=\"\" srcset=\"https:\/\/zawodyzaufania.usz.edu.pl\/wp-content\/uploads\/2026\/08\/okregowa-izba-aptekarska.png 1236w, https:\/\/zawodyzaufania.usz.edu.pl\/wp-content\/uploads\/2026\/08\/okregowa-izba-aptekarska-300x105.png 300w, https:\/\/zawodyzaufania.usz.edu.pl\/wp-content\/uploads\/2026\/08\/okregowa-izba-aptekarska-1024x360.png 1024w, https:\/\/zawodyzaufania.usz.edu.pl\/wp-content\/uploads\/2026\/08\/okregowa-izba-aptekarska-768x270.png 768w\" sizes=\"auto, (max-width: 1236px) 100vw, 1236px\" \/>    \n        <\/div>\n    <!-- \/image-wrap -->\n    \n        <\/div>\n<!-- \/module image -->        <\/div>\n                    <\/div>\n                <div  data-lazy=\"1\" class=\"module_subrow themify_builder_sub_row tf_w col_align_top tb_col_count_3 tb_uwni580\">\n                <div  data-lazy=\"1\" class=\"module_column sub_column col3-1 tb_xj8s580 first\">\n                    <!-- module image -->\n<div  class=\"module module-image tb_cq5l580 image-top   tf_mw\" data-lazy=\"1\">\n        <div class=\"image-wrap tf_rel tf_mw\">\n            <img loading=\"lazy\" decoding=\"async\" width=\"1236\" height=\"434\" src=\"https:\/\/zawodyzaufania.usz.edu.pl\/wp-content\/uploads\/2026\/08\/PIBR.png\" class=\"wp-post-image wp-image-97\" title=\"PIBR\" alt=\"\" srcset=\"https:\/\/zawodyzaufania.usz.edu.pl\/wp-content\/uploads\/2026\/08\/PIBR.png 1236w, https:\/\/zawodyzaufania.usz.edu.pl\/wp-content\/uploads\/2026\/08\/PIBR-300x105.png 300w, https:\/\/zawodyzaufania.usz.edu.pl\/wp-content\/uploads\/2026\/08\/PIBR-1024x360.png 1024w, https:\/\/zawodyzaufania.usz.edu.pl\/wp-content\/uploads\/2026\/08\/PIBR-768x270.png 768w\" sizes=\"auto, (max-width: 1236px) 100vw, 1236px\" \/>    \n        <\/div>\n    <!-- \/image-wrap -->\n    \n        <\/div>\n<!-- \/module image -->        <\/div>\n                    <div  data-lazy=\"1\" class=\"module_column sub_column col3-1 tb_ksvm580\">\n                    <!-- module image -->\n<div  class=\"module module-image tb_l67i580 image-top   tf_mw\" data-lazy=\"1\">\n        <div class=\"image-wrap tf_rel tf_mw\">\n            <img loading=\"lazy\" decoding=\"async\" width=\"1236\" height=\"434\" src=\"https:\/\/zawodyzaufania.usz.edu.pl\/wp-content\/uploads\/2026\/08\/rzecznicy-patentowi.png\" class=\"wp-post-image wp-image-98\" title=\"rzecznicy patentowi\" alt=\"\" srcset=\"https:\/\/zawodyzaufania.usz.edu.pl\/wp-content\/uploads\/2026\/08\/rzecznicy-patentowi.png 1236w, https:\/\/zawodyzaufania.usz.edu.pl\/wp-content\/uploads\/2026\/08\/rzecznicy-patentowi-300x105.png 300w, https:\/\/zawodyzaufania.usz.edu.pl\/wp-content\/uploads\/2026\/08\/rzecznicy-patentowi-1024x360.png 1024w, https:\/\/zawodyzaufania.usz.edu.pl\/wp-content\/uploads\/2026\/08\/rzecznicy-patentowi-768x270.png 768w\" sizes=\"auto, (max-width: 1236px) 100vw, 1236px\" \/>    \n        <\/div>\n    <!-- \/image-wrap -->\n    \n        <\/div>\n<!-- \/module image -->        <\/div>\n                    <div  data-lazy=\"1\" class=\"module_column sub_column col3-1 tb_19b8580 last\">\n                    <!-- module image -->\n<div  class=\"module module-image tb_ss4e580 image-top   tf_mw\" data-lazy=\"1\">\n        <div class=\"image-wrap tf_rel tf_mw\">\n            <img loading=\"lazy\" decoding=\"async\" width=\"1236\" height=\"434\" src=\"https:\/\/zawodyzaufania.usz.edu.pl\/wp-content\/uploads\/2026\/08\/Szczecinska-izba-pielegniarek-i-poloznych.png\" class=\"wp-post-image wp-image-99\" title=\"Szczecinska izba pielegniarek i poloznych\" alt=\"\" srcset=\"https:\/\/zawodyzaufania.usz.edu.pl\/wp-content\/uploads\/2026\/08\/Szczecinska-izba-pielegniarek-i-poloznych.png 1236w, https:\/\/zawodyzaufania.usz.edu.pl\/wp-content\/uploads\/2026\/08\/Szczecinska-izba-pielegniarek-i-poloznych-300x105.png 300w, https:\/\/zawodyzaufania.usz.edu.pl\/wp-content\/uploads\/2026\/08\/Szczecinska-izba-pielegniarek-i-poloznych-1024x360.png 1024w, https:\/\/zawodyzaufania.usz.edu.pl\/wp-content\/uploads\/2026\/08\/Szczecinska-izba-pielegniarek-i-poloznych-768x270.png 768w\" sizes=\"auto, (max-width: 1236px) 100vw, 1236px\" \/>    \n        <\/div>\n    <!-- \/image-wrap -->\n    \n        <\/div>\n<!-- \/module image -->        <\/div>\n                    <\/div>\n                <\/div>\n                        <\/div>\n        <\/div>\n                        <div  data-anchor=\"rejestracja\" data-css_id=\"oxt0612\" data-lazy=\"1\" class=\"module_row themify_builder_row fullwidth_row_container tb_has_section tb_section-rejestracja tb_oxt0612 tf_w\">\n                        <div class=\"row_inner col_align_top tb_col_count_1 tf_box tf_rel\">\n                        <div  data-lazy=\"1\" class=\"module_column tb-column col-full tb_zal4612 first\">\n                    <!-- module fancy heading -->\n<div  class=\"module module-fancy-heading tb_973p612 \" data-lazy=\"1\">\n        <h2 class=\"fancy-heading tf_textc\">\n    <span class=\"main-head tf_block\">\n                    Rejestracja            <\/span>\n\n    \n    <span class=\"sub-head tf_block tf_rel\">\n                                <\/span>\n    <\/h2>\n<\/div>\n<!-- \/module fancy heading -->\n<!-- module plain text -->\n<div  class=\"module module-plain-text tb_4dhy781 \" data-lazy=\"1\">\n        <div class=\"tb_text_wrap\">\n            <form class=\"wff-front-form\" method=\"post\" action=\"https:\/\/zawodyzaufania.usz.edu.pl\/index.php\/wp-json\/wp\/v2\/pages\/8\" data-mode=\"normal\" data-base-price=\"0\">\n            <input type=\"hidden\" id=\"wff_submit_nonce\" name=\"wff_submit_nonce\" value=\"e0c1b2a0a9\" \/><input type=\"hidden\" name=\"_wp_http_referer\" value=\"\/index.php\/wp-json\/wp\/v2\/pages\/8\" \/>            <input type=\"hidden\" name=\"action\" value=\"wp_flexi_form_submit\" \/>\n            <input type=\"hidden\" name=\"form_id\" value=\"rejestracka-GF28hn\" \/>\n            <input type=\"hidden\" name=\"wff_redirect\" value=\"https:\/\/zawodyzaufania.usz.edu.pl\/index.php\/wp-json\/wp\/v2\/pages\/8\" \/>\n\n            \n            \n                                    <div class=\"wff-field\">\n                            <label for=\"wff_rejestracka-GF28hn_imie_i_nazwisko\">\n                    Imi\u0119 i nazwisko* *                <\/label>\n            \n                            <input\n                    type=\"text\"\n                    id=\"wff_rejestracka-GF28hn_imie_i_nazwisko\"\n                    name=\"fields[imie_i_nazwisko]\"\n                    required                                    \/>\n                    <\/div>\n                <div class=\"wff-field\">\n                            <label for=\"wff_rejestracka-GF28hn_adres_e_mail\">\n                    Adres e-mail* *                <\/label>\n            \n                            <input\n                    type=\"email\"\n                    id=\"wff_rejestracka-GF28hn_adres_e_mail\"\n                    name=\"fields[adres_e_mail]\"\n                    required                                    \/>\n                    <\/div>\n                <div class=\"wff-field\">\n                            <label for=\"wff_rejestracka-GF28hn_afiliacjastanowisko\">\n                    Afiliacja\/stanowisko *                <\/label>\n            \n                            <input\n                    type=\"text\"\n                    id=\"wff_rejestracka-GF28hn_afiliacjastanowisko\"\n                    name=\"fields[afiliacjastanowisko]\"\n                    required                                    \/>\n                    <\/div>\n                <div class=\"wff-field\">\n                            <label for=\"wff_rejestracka-GF28hn_forma_udzialu_w_konferencji\">\n                    Forma udzia\u0142u w konferencji *                <\/label>\n            \n                            <select\n                    id=\"wff_rejestracka-GF28hn_forma_udzialu_w_konferencji\"\n                    name=\"fields[forma_udzialu_w_konferencji]\"\n                    required                >\n                    <option value=\"\">Wybierz...<\/option>\n                                            <option value=\"Online\">\n                            Online                        <\/option>\n                                            <option value=\"Stacjonarnie\">\n                            Stacjonarnie (wolne: 96)                        <\/option>\n                                    <\/select>\n                    <\/div>\n                    \n            \n            <p>\n                <button type=\"submit\">Wy\u015blij<\/button>\n            <\/p>\n        <\/form>\n        \n\n    <\/div>\n<\/div>\n<!-- \/module plain text -->        <\/div>\n                        <\/div>\n        <\/div>\n        <\/div>\n<!--\/themify_builder_content-->","protected":false},"excerpt":{"rendered":"<p>Mi\u0119dzy profesjonalizacj\u0105 a przeregulowaniem &#8211; wsp\u00f3\u0142czesne modele zawod\u00f3w zaufania publicznego Og\u00f3lnopolska Konferencja Naukowa Program konferencji Rejestracja O konferencji Celem Konferencji jest podj\u0119cie debaty oraz wymiana do\u015bwiadcze\u0144 w zakresie\u00a0problematyki dotycz\u0105cej istniej\u0105cych modeli nadzoru nad wykonywaniem zawod\u00f3w zaufania publicznego oraz odpowiedzialno\u015bci zawodowej, z uwzgl\u0119dnieniem ich charakteru oraz specyfiki funkcjonowania. Stworzenie szerokiej przestrzeni do transferu wiedzy, prezentacji najnowszych [&hellip;]<\/p>\n","protected":false},"author":1,"featured_media":0,"parent":0,"menu_order":0,"comment_status":"closed","ping_status":"closed","template":"","meta":{"footnotes":""},"class_list":["post-8","page","type-page","status-publish","hentry","has-post-title","has-post-date","has-post-category","has-post-tag","has-post-comment","has-post-author",""],"_links":{"self":[{"href":"https:\/\/zawodyzaufania.usz.edu.pl\/index.php\/wp-json\/wp\/v2\/pages\/8","targetHints":{"allow":["GET"]}}],"collection":[{"href":"https:\/\/zawodyzaufania.usz.edu.pl\/index.php\/wp-json\/wp\/v2\/pages"}],"about":[{"href":"https:\/\/zawodyzaufania.usz.edu.pl\/index.php\/wp-json\/wp\/v2\/types\/page"}],"author":[{"embeddable":true,"href":"https:\/\/zawodyzaufania.usz.edu.pl\/index.php\/wp-json\/wp\/v2\/users\/1"}],"replies":[{"embeddable":true,"href":"https:\/\/zawodyzaufania.usz.edu.pl\/index.php\/wp-json\/wp\/v2\/comments?post=8"}],"version-history":[{"count":61,"href":"https:\/\/zawodyzaufania.usz.edu.pl\/index.php\/wp-json\/wp\/v2\/pages\/8\/revisions"}],"predecessor-version":[{"id":138,"href":"https:\/\/zawodyzaufania.usz.edu.pl\/index.php\/wp-json\/wp\/v2\/pages\/8\/revisions\/138"}],"wp:attachment":[{"href":"https:\/\/zawodyzaufania.usz.edu.pl\/index.php\/wp-json\/wp\/v2\/media?parent=8"}],"curies":[{"name":"wp","href":"https:\/\/api.w.org\/{rel}","templated":true}]}}